{"id":109,"date":"2023-07-10T21:22:13","date_gmt":"2023-07-11T00:22:13","guid":{"rendered":"https:\/\/carneada.com\/?page_id=109"},"modified":"2026-01-28T15:14:18","modified_gmt":"2026-01-28T18:14:18","slug":"proxima-carneada","status":"publish","type":"page","link":"https:\/\/carneada.com\/index.php\/proxima-carneada\/","title":{"rendered":"Pr\u00f3xima Carneada"},"content":{"rendered":"\t\t<div data-elementor-type=\"wp-page\" data-elementor-id=\"109\" class=\"elementor elementor-109\" data-elementor-post-type=\"page\">\n\t\t\t\t\t\t<section class=\"elementor-section elementor-top-section elementor-element elementor-element-f8e75bb elementor-section-stretched elementor-section-boxed elementor-section-height-default elementor-section-height-default\" data-id=\"f8e75bb\" data-element_type=\"section\" data-settings=\"{&quot;stretch_section&quot;:&quot;section-stretched&quot;}\">\n\t\t\t\t\t\t<div class=\"elementor-container elementor-column-gap-default\">\n\t\t\t\t\t<div class=\"elementor-column elementor-col-50 elementor-top-column elementor-element elementor-element-7ce361d elementor-invisible\" data-id=\"7ce361d\" data-element_type=\"column\" data-settings=\"{&quot;animation&quot;:&quot;fadeIn&quot;}\">\n\t\t\t<div class=\"elementor-widget-wrap elementor-element-populated\">\n\t\t\t\t\t\t<div class=\"elementor-element elementor-element-1b9cafd elementor-countdown--label-block elementor-widget elementor-widget-countdown\" data-id=\"1b9cafd\" data-element_type=\"widget\" data-widget_type=\"countdown.default\">\n\t\t\t\t<div class=\"elementor-widget-container\">\n\t\t\t\t\t\t\t<div class=\"elementor-countdown-wrapper\" data-date=\"1778369340\">\n\t\t\t<div class=\"elementor-countdown-item\"><span class=\"elementor-countdown-digits elementor-countdown-days\"><\/span> <span class=\"elementor-countdown-label\">Days<\/span><\/div><div class=\"elementor-countdown-item\"><span class=\"elementor-countdown-digits elementor-countdown-hours\"><\/span> <span class=\"elementor-countdown-label\">Hours<\/span><\/div><div class=\"elementor-countdown-item\"><span class=\"elementor-countdown-digits elementor-countdown-minutes\"><\/span> <span class=\"elementor-countdown-label\">Minutes<\/span><\/div><div class=\"elementor-countdown-item\"><span class=\"elementor-countdown-digits elementor-countdown-seconds\"><\/span> <span class=\"elementor-countdown-label\">Seconds<\/span><\/div>\t\t<\/div>\n\t\t\t\t\t\t<\/div>\n\t\t\t\t<\/div>\n\t\t\t\t<div class=\"elementor-element elementor-element-5dfa935 elementor-widget elementor-widget-accordion\" data-id=\"5dfa935\" data-element_type=\"widget\" data-widget_type=\"accordion.default\">\n\t\t\t\t<div class=\"elementor-widget-container\">\n\t\t\t\t\t\t\t<div class=\"elementor-accordion\">\n\t\t\t\t\t\t\t<div class=\"elementor-accordion-item\">\n\t\t\t\t\t<div id=\"elementor-tab-title-9851\" class=\"elementor-tab-title\" data-tab=\"1\" role=\"button\" aria-controls=\"elementor-tab-content-9851\" aria-expanded=\"false\">\n\t\t\t\t\t\t\t\t\t\t\t\t\t<span class=\"elementor-accordion-icon elementor-accordion-icon-left\" aria-hidden=\"true\">\n\t\t\t\t\t\t\t\t\t\t\t\t\t\t\t<span class=\"elementor-accordion-icon-closed\"><i class=\"fas fa-plus\"><\/i><\/span>\n\t\t\t\t\t\t\t\t<span class=\"elementor-accordion-icon-opened\"><i class=\"fas fa-minus\"><\/i><\/span>\n\t\t\t\t\t\t\t\t\t\t\t\t\t\t<\/span>\n\t\t\t\t\t\t\t\t\t\t\t\t<a class=\"elementor-accordion-title\" tabindex=\"0\">LUGAR DEL EVENTO<\/a>\n\t\t\t\t\t<\/div>\n\t\t\t\t\t<div id=\"elementor-tab-content-9851\" class=\"elementor-tab-content elementor-clearfix\" data-tab=\"1\" role=\"region\" aria-labelledby=\"elementor-tab-title-9851\"><p>El evento lo desarrollaremos en el establecimiento <strong>San Ram\u00f3n<\/strong>, una estancia con una antig\u00fcedad de m\u00e1s de 100 a\u00f1os, \u00a0ubicada en <strong>Capit\u00e1n Sarmiento<\/strong> provincia de Buenos Aires. En el lugar se puede ver la impronta de la vida de campo, donde las tradiciones se mantienen intactas y el entorno es el escenario que nos acompa\u00f1ar\u00e1 en esta primera edici\u00f3n de <strong>Carneada<\/strong>.<\/p><p><span style=\"color: #ff0000;\"><a style=\"color: #ff0000;\" href=\"https:\/\/carneada.com\/index.php\/el-lugar\/\">Mas informaci\u00f3n<\/a><\/span><\/p><\/div>\n\t\t\t\t<\/div>\n\t\t\t\t\t\t\t<div class=\"elementor-accordion-item\">\n\t\t\t\t\t<div id=\"elementor-tab-title-9852\" class=\"elementor-tab-title\" data-tab=\"2\" role=\"button\" aria-controls=\"elementor-tab-content-9852\" aria-expanded=\"false\">\n\t\t\t\t\t\t\t\t\t\t\t\t\t<span class=\"elementor-accordion-icon elementor-accordion-icon-left\" aria-hidden=\"true\">\n\t\t\t\t\t\t\t\t\t\t\t\t\t\t\t<span class=\"elementor-accordion-icon-closed\"><i class=\"fas fa-plus\"><\/i><\/span>\n\t\t\t\t\t\t\t\t<span class=\"elementor-accordion-icon-opened\"><i class=\"fas fa-minus\"><\/i><\/span>\n\t\t\t\t\t\t\t\t\t\t\t\t\t\t<\/span>\n\t\t\t\t\t\t\t\t\t\t\t\t<a class=\"elementor-accordion-title\" tabindex=\"0\">COMO LLEGAR<\/a>\n\t\t\t\t\t<\/div>\n\t\t\t\t\t<div id=\"elementor-tab-content-9852\" class=\"elementor-tab-content elementor-clearfix\" data-tab=\"2\" role=\"region\" aria-labelledby=\"elementor-tab-title-9852\"><p>Viniendo desde Buenos Aires por Ruta Nacional nro. 8 en el km 135 se dobla a la izquierda y se contin\u00faa 8 km por camino de tierra. Si vienen desde Capit\u00e1n Sarmiento son 4 km de tierra. Con las siguientes coordenadas y los planos se puede localizar el lugar, <strong>34\u00b012&#8217;39.1&#8243;S 59\u00b045&#8217;51.2&#8243;W<\/strong><\/p><p><a href=\"https:\/\/carneada.com\/index.php\/como-llegar\/\"><span style=\"color: #ff0000;\">Mas informaci\u00f3n<\/span><\/a><\/p><\/div>\n\t\t\t\t<\/div>\n\t\t\t\t\t\t\t<div class=\"elementor-accordion-item\">\n\t\t\t\t\t<div id=\"elementor-tab-title-9853\" class=\"elementor-tab-title\" data-tab=\"3\" role=\"button\" aria-controls=\"elementor-tab-content-9853\" aria-expanded=\"false\">\n\t\t\t\t\t\t\t\t\t\t\t\t\t<span class=\"elementor-accordion-icon elementor-accordion-icon-left\" aria-hidden=\"true\">\n\t\t\t\t\t\t\t\t\t\t\t\t\t\t\t<span class=\"elementor-accordion-icon-closed\"><i class=\"fas fa-plus\"><\/i><\/span>\n\t\t\t\t\t\t\t\t<span class=\"elementor-accordion-icon-opened\"><i class=\"fas fa-minus\"><\/i><\/span>\n\t\t\t\t\t\t\t\t\t\t\t\t\t\t<\/span>\n\t\t\t\t\t\t\t\t\t\t\t\t<a class=\"elementor-accordion-title\" tabindex=\"0\">OBJETIVO<\/a>\n\t\t\t\t\t<\/div>\n\t\t\t\t\t<div id=\"elementor-tab-content-9853\" class=\"elementor-tab-content elementor-clearfix\" data-tab=\"3\" role=\"region\" aria-labelledby=\"elementor-tab-title-9853\"><p>Te proponemos vivir la experiencia de ser part\u00edcipe de \u00a0una de las principales tradiciones de nuestro campo complementando esta acci\u00f3n con la t\u00e9cnica en <strong>elaboraci\u00f3n de productos de charcuter\u00eda como Salames, queso de cerdo, morcillas chorizos parrilleros, salchichas, pastas finas etc.<\/strong><\/p><\/div>\n\t\t\t\t<\/div>\n\t\t\t\t\t\t\t<div class=\"elementor-accordion-item\">\n\t\t\t\t\t<div id=\"elementor-tab-title-9854\" class=\"elementor-tab-title\" data-tab=\"4\" role=\"button\" aria-controls=\"elementor-tab-content-9854\" aria-expanded=\"false\">\n\t\t\t\t\t\t\t\t\t\t\t\t\t<span class=\"elementor-accordion-icon elementor-accordion-icon-left\" aria-hidden=\"true\">\n\t\t\t\t\t\t\t\t\t\t\t\t\t\t\t<span class=\"elementor-accordion-icon-closed\"><i class=\"fas fa-plus\"><\/i><\/span>\n\t\t\t\t\t\t\t\t<span class=\"elementor-accordion-icon-opened\"><i class=\"fas fa-minus\"><\/i><\/span>\n\t\t\t\t\t\t\t\t\t\t\t\t\t\t<\/span>\n\t\t\t\t\t\t\t\t\t\t\t\t<a class=\"elementor-accordion-title\" tabindex=\"0\">FECHA DE LA ACTIVIDAD <\/a>\n\t\t\t\t\t<\/div>\n\t\t\t\t\t<div id=\"elementor-tab-content-9854\" class=\"elementor-tab-content elementor-clearfix\" data-tab=\"4\" role=\"region\" aria-labelledby=\"elementor-tab-title-9854\"><ul><li><strong>S\u00e1bado 9 de Mayo:<\/strong> de 7.30 a 22:00 hs<\/li><li><strong>Domingo 10 de Mayo:<\/strong> de 7.30 a 18:00 hs<\/li><\/ul><p><strong><br \/>Aclaraci\u00f3n: <\/strong>el evento solo se suspende por cuestiones clim\u00e1ticas que no se pueda entrar al campo, en ese caso se posterga para el pr\u00f3ximo fin de semana que seria 16 y 17 de mayo). En caso de que tampoco acompa\u00f1en las condiciones clim\u00e1ticas ese fin de semana, se reprogramara una nueva fecha.<\/p><\/div>\n\t\t\t\t<\/div>\n\t\t\t\t\t\t\t<div class=\"elementor-accordion-item\">\n\t\t\t\t\t<div id=\"elementor-tab-title-9855\" class=\"elementor-tab-title\" data-tab=\"5\" role=\"button\" aria-controls=\"elementor-tab-content-9855\" aria-expanded=\"false\">\n\t\t\t\t\t\t\t\t\t\t\t\t\t<span class=\"elementor-accordion-icon elementor-accordion-icon-left\" aria-hidden=\"true\">\n\t\t\t\t\t\t\t\t\t\t\t\t\t\t\t<span class=\"elementor-accordion-icon-closed\"><i class=\"fas fa-plus\"><\/i><\/span>\n\t\t\t\t\t\t\t\t<span class=\"elementor-accordion-icon-opened\"><i class=\"fas fa-minus\"><\/i><\/span>\n\t\t\t\t\t\t\t\t\t\t\t\t\t\t<\/span>\n\t\t\t\t\t\t\t\t\t\t\t\t<a class=\"elementor-accordion-title\" tabindex=\"0\">CRONOGRAMA<\/a>\n\t\t\t\t\t<\/div>\n\t\t\t\t\t<div id=\"elementor-tab-content-9855\" class=\"elementor-tab-content elementor-clearfix\" data-tab=\"5\" role=\"region\" aria-labelledby=\"elementor-tab-title-9855\"><p>Todos los participantes tienen la total libertad de participar de todas las actividades u optar por permanecer en las \u00e1reas de descanso habilitadas a tal efecto.<\/p><p><a href=\"https:\/\/carneada.com\/index.php\/cronograma-de-actividades\/\"><span style=\"color: #ff0000;\">Mas informaci\u00f3n<\/span><\/a><\/p><\/div>\n\t\t\t\t<\/div>\n\t\t\t\t\t\t\t<div class=\"elementor-accordion-item\">\n\t\t\t\t\t<div id=\"elementor-tab-title-9856\" class=\"elementor-tab-title\" data-tab=\"6\" role=\"button\" aria-controls=\"elementor-tab-content-9856\" aria-expanded=\"false\">\n\t\t\t\t\t\t\t\t\t\t\t\t\t<span class=\"elementor-accordion-icon elementor-accordion-icon-left\" aria-hidden=\"true\">\n\t\t\t\t\t\t\t\t\t\t\t\t\t\t\t<span class=\"elementor-accordion-icon-closed\"><i class=\"fas fa-plus\"><\/i><\/span>\n\t\t\t\t\t\t\t\t<span class=\"elementor-accordion-icon-opened\"><i class=\"fas fa-minus\"><\/i><\/span>\n\t\t\t\t\t\t\t\t\t\t\t\t\t\t<\/span>\n\t\t\t\t\t\t\t\t\t\t\t\t<a class=\"elementor-accordion-title\" tabindex=\"0\">MENU<\/a>\n\t\t\t\t\t<\/div>\n\t\t\t\t\t<div id=\"elementor-tab-content-9856\" class=\"elementor-tab-content elementor-clearfix\" data-tab=\"6\" role=\"region\" aria-labelledby=\"elementor-tab-title-9856\"><p><strong>DIA 1<\/strong><br \/>\u2022 <strong>Desayuno:<\/strong> Torta frita, Huevos de campo, Panceta Duroc, Curry de caza.<br \/>\u2022 <strong>Media Ma\u00f1ana:<\/strong> Empanadas, Ribs, Solomillos.<br \/>\u2022 <strong>Almuerzo:<\/strong> degustaci\u00f3n de fiambres y quesos<br \/>\u2022 <strong>Picoteo de Media Tarde:<\/strong> S\u00e1ndwiches de ahumados.<br \/>\u2022 <strong>Cena Shows:<\/strong> alguna genialidad de olla acompa\u00f1ada de guitarra y bombo<\/p><p><strong>DIA 2<\/strong><br \/>\u2022 <strong>Desayuno:<\/strong> Torta frita, Huevos de campo, Panceta Duroc, ahumados.<br \/>\u2022 <strong>Media Ma\u00f1ana:<\/strong> Choris criollos, Salchichas, Texas hot links<br \/>\u2022 <strong>Almuerzo:<\/strong> Cerdo o cordero a la parrilla, Vegetales ahumados, Ensaladas (ya d\u00e1ndole respiro al cuerpo), Helado, Brindis final.<br \/>*todos los pasos mencionados tienen yapa y\/o plus de comida, seg\u00fan la caza o faena de la \u00e9poca.<\/p><p><strong>Familiares de los Charcuteros<\/strong><\/p><p>A partir de este a\u00f1o, nuestros familiares o amigos que nos acompa\u00f1an, se pueden sumar a la cena del s\u00e1bado y\/o al almuerzo del d\u00eda domingo.<br \/>El costo adicional por persona es de $ 35.000 por cada una de las comidas, teniendo todo incluido como cualquiera de los participantes.<\/p><p><strong>Importante:<\/strong> al momento de la inscripci\u00f3n deber\u00e1 informar si hay o no familiares adicionales. Igualmente se podr\u00e1n agregar personas hasta 15 d\u00edas antes del evento.<br \/>Ni\u00f1os menores de 6 a\u00f1os no pagan estos almuerzos<\/p><\/div>\n\t\t\t\t<\/div>\n\t\t\t\t\t\t\t<div class=\"elementor-accordion-item\">\n\t\t\t\t\t<div id=\"elementor-tab-title-9857\" class=\"elementor-tab-title\" data-tab=\"7\" role=\"button\" aria-controls=\"elementor-tab-content-9857\" aria-expanded=\"false\">\n\t\t\t\t\t\t\t\t\t\t\t\t\t<span class=\"elementor-accordion-icon elementor-accordion-icon-left\" aria-hidden=\"true\">\n\t\t\t\t\t\t\t\t\t\t\t\t\t\t\t<span class=\"elementor-accordion-icon-closed\"><i class=\"fas fa-plus\"><\/i><\/span>\n\t\t\t\t\t\t\t\t<span class=\"elementor-accordion-icon-opened\"><i class=\"fas fa-minus\"><\/i><\/span>\n\t\t\t\t\t\t\t\t\t\t\t\t\t\t<\/span>\n\t\t\t\t\t\t\t\t\t\t\t\t<a class=\"elementor-accordion-title\" tabindex=\"0\">PAGO Y RESERVA<\/a>\n\t\t\t\t\t<\/div>\n\t\t\t\t\t<div id=\"elementor-tab-content-9857\" class=\"elementor-tab-content elementor-clearfix\" data-tab=\"7\" role=\"region\" aria-labelledby=\"elementor-tab-title-9857\"><p>Antes de realizar cualquier pago consultar si hay cupos disponibles al <strong>Whatsapp <a href=\"https:\/\/wa.me\/5491123930494?text=Hola%2C%20quiero%20consultar%20si%20hay%20cupos%20para%20la%20pr%C3%B3xima%20Carneada%20del%209%20y%2010%20de%20Mayo\" target=\"_blank\" rel=\"noopener\">+54 9 11 2393-0494<\/a><\/strong>, luego de confirmado el mismo realizar el proceso de inscripci\u00f3n. El costo del evento incluye las comidas, bebidas, material de trabajo, materias primas e insumos<strong>. No incluye alojamiento ni traslados. <\/strong>El alojamiento se puede reservar de forma personal en Capit\u00e1n Sarmiento o en San Antonio de Areco (Ver lista de hoteles que informamos al final).<\/p><p><strong>Costo del evento: <\/strong><\/p><ul><li>El costo del evento tiene diferentes opciones:<\/li><li>Ex participantes: <strong>$450.000<\/strong><\/li><li>Nuevos participantes: <strong>$500.000<\/strong><\/li><li><strong><strong>El lugar se reserva don el env\u00edo de una se\u00f1a de <strong>$250.000<\/strong><\/strong><\/strong><\/li><\/ul><p>El costo deber\u00eda estar saldado al d\u00eda del evento<\/p><div><p><span style=\"font-size: 1rem;\">Los pagos se realizan mediante transferencia a la siguiente cuenta:<\/span><\/p><\/div><ul><li>NICOLAS MANUEL IGUACEL<\/li><li><strong>CBU<\/strong> 0000003100057015829304<\/li><li><strong>ALIAS:<\/strong> nicoiguacel<\/li><li><strong>CUIT:<\/strong> 20269438542<\/li><li><strong>Mercado Pago<\/strong><\/li><\/ul><p>Finalizado el pago se deben enviar los siguientes datos por whatsapp a Marcelo al <strong><a href=\"https:\/\/wa.me\/5491123930494?text=Hola%2C%20quiero%20consultar%20si%20hay%20cupos%20para%20la%20pr%C3%B3xima%20Carneada%20del%209%20y%2010%20de%20Mayo\" target=\"_blank\" rel=\"noopener\">+54 9 11 2393-0494<\/a><br \/><\/strong><\/p><ul><li>Nombre completo<\/li><li>Comprobante de pago<\/li><\/ul><p><strong><br \/>Aclaraci\u00f3n:<\/strong> en caso de inasistencia del participante, se pierde la totalidad del pago. La alternativa es nominar a otro participante que ocupe su lugar. NO SE TOMA EL PAGO PARA OTROS EVENTOS.<\/p><p><a href=\"https:\/\/carneada.com\/index.php\/formas-de-pago-y-reserva\/\"><span style=\"color: #ff0000;\">Mas informaci\u00f3n<\/span><\/a><\/p><\/div>\n\t\t\t\t<\/div>\n\t\t\t\t\t\t\t<div class=\"elementor-accordion-item\">\n\t\t\t\t\t<div id=\"elementor-tab-title-9858\" class=\"elementor-tab-title\" data-tab=\"8\" role=\"button\" aria-controls=\"elementor-tab-content-9858\" aria-expanded=\"false\">\n\t\t\t\t\t\t\t\t\t\t\t\t\t<span class=\"elementor-accordion-icon elementor-accordion-icon-left\" aria-hidden=\"true\">\n\t\t\t\t\t\t\t\t\t\t\t\t\t\t\t<span class=\"elementor-accordion-icon-closed\"><i class=\"fas fa-plus\"><\/i><\/span>\n\t\t\t\t\t\t\t\t<span class=\"elementor-accordion-icon-opened\"><i class=\"fas fa-minus\"><\/i><\/span>\n\t\t\t\t\t\t\t\t\t\t\t\t\t\t<\/span>\n\t\t\t\t\t\t\t\t\t\t\t\t<a class=\"elementor-accordion-title\" tabindex=\"0\">ALOJAMIENTOS<\/a>\n\t\t\t\t\t<\/div>\n\t\t\t\t\t<div id=\"elementor-tab-content-9858\" class=\"elementor-tab-content elementor-clearfix\" data-tab=\"8\" role=\"region\" aria-labelledby=\"elementor-tab-title-9858\"><p>El alojamiento se puede reservar de forma personal en Capit\u00e1n Sarmiento o en San Antonio de Areco <a href=\"https:\/\/carneada.com\/index.php\/alojamiento\/\">(Ver lista de hoteles)<\/a><\/p><p>Quienes quieran acampar en el campo, eso no tiene costo.<\/p><p>No se puede ingresar al evento con bebidas y comidas, todo el servicio est\u00e1 a cargo de Carneada.<\/p><p>Tienen alternativas en Capit\u00e1n Sarmiento, Duggan o San Antonio de Areco.<\/p><p>A Capit\u00e1n Sarmiento y a Duggan se llega por caminos internos de tierra, para el caso de alojarse en Areco, hay que salir a la ruta 8.<\/p><p><a href=\"https:\/\/carneada.com\/index.php\/alojamiento\/\"><span style=\"color: #ff0000;\">Mas informaci\u00f3n<\/span><\/a><\/p><\/div>\n\t\t\t\t<\/div>\n\t\t\t\t\t\t\t\t<\/div>\n\t\t\t\t\t\t<\/div>\n\t\t\t\t<\/div>\n\t\t\t\t<div class=\"elementor-element elementor-element-07253aa elementor-widget elementor-widget-button\" data-id=\"07253aa\" data-element_type=\"widget\" data-widget_type=\"button.default\">\n\t\t\t\t<div class=\"elementor-widget-container\">\n\t\t\t\t\t\t\t\t\t<div class=\"elementor-button-wrapper\">\n\t\t\t\t\t<a class=\"elementor-button elementor-button-link elementor-size-sm\" href=\"https:\/\/wa.me\/5491123930494?text=Hola%2C%20quiero%20consultar%20si%20hay%20cupos%20para%20la%20pr%C3%B3xima%20Carneada%20del%209%20y%2010%20de%20Mayo\" target=\"_blank\">\n\t\t\t\t\t\t<span class=\"elementor-button-content-wrapper\">\n\t\t\t\t\t\t<span class=\"elementor-button-icon\">\n\t\t\t\t<i aria-hidden=\"true\" class=\"fab fa-whatsapp\"><\/i>\t\t\t<\/span>\n\t\t\t\t\t\t\t\t\t<span class=\"elementor-button-text\">CHAT AQUI PARA CONSULTAS Y RESERVAS!!<\/span>\n\t\t\t\t\t<\/span>\n\t\t\t\t\t<\/a>\n\t\t\t\t<\/div>\n\t\t\t\t\t\t\t\t<\/div>\n\t\t\t\t<\/div>\n\t\t\t\t\t<\/div>\n\t\t<\/div>\n\t\t\t\t<div class=\"elementor-column elementor-col-50 elementor-top-column elementor-element elementor-element-948616a animated-fast elementor-invisible\" data-id=\"948616a\" data-element_type=\"column\" data-settings=\"{&quot;animation&quot;:&quot;zoomIn&quot;}\">\n\t\t\t<div class=\"elementor-widget-wrap elementor-element-populated\">\n\t\t\t\t\t\t<div class=\"elementor-element elementor-element-630772c e-transform elementor-widget elementor-widget-image\" data-id=\"630772c\" data-element_type=\"widget\" data-settings=\"{&quot;_transform_rotateZ_effect&quot;:{&quot;unit&quot;:&quot;px&quot;,&quot;size&quot;:3,&quot;sizes&quot;:[]},&quot;_transform_rotateZ_effect_tablet&quot;:{&quot;unit&quot;:&quot;deg&quot;,&quot;size&quot;:&quot;&quot;,&quot;sizes&quot;:[]},&quot;_transform_rotateZ_effect_mobile&quot;:{&quot;unit&quot;:&quot;deg&quot;,&quot;size&quot;:&quot;&quot;,&quot;sizes&quot;:[]}}\" data-widget_type=\"image.default\">\n\t\t\t\t<div class=\"elementor-widget-container\">\n\t\t\t\t\t\t\t\t\t\t\t\t\t\t\t\t<a href=\"http:\/\/carneada.com\/wp-content\/uploads\/2026\/01\/carneada-10-edicion_CARNEADA_stories-reels.jpeg\" data-elementor-open-lightbox=\"yes\" data-elementor-lightbox-title=\"carneada-10-edicion_CARNEADA_stories-reels\" data-e-action-hash=\"#elementor-action%3Aaction%3Dlightbox%26settings%3DeyJpZCI6NTMzNiwidXJsIjoiaHR0cHM6XC9cL2Nhcm5lYWRhLmNvbVwvd3AtY29udGVudFwvdXBsb2Fkc1wvMjAyNlwvMDFcL2Nhcm5lYWRhLTEwLWVkaWNpb25fQ0FSTkVBREFfc3Rvcmllcy1yZWVscy5qcGVnIn0%3D\">\n\t\t\t\t\t\t\t<img fetchpriority=\"high\" decoding=\"async\" width=\"566\" height=\"1024\" src=\"https:\/\/carneada.com\/wp-content\/uploads\/2026\/01\/carneada-10-edicion_CARNEADA_stories-reels-566x1024.jpeg\" class=\"attachment-large size-large wp-image-5336\" alt=\"\" srcset=\"https:\/\/carneada.com\/wp-content\/uploads\/2026\/01\/carneada-10-edicion_CARNEADA_stories-reels-566x1024.jpeg 566w, https:\/\/carneada.com\/wp-content\/uploads\/2026\/01\/carneada-10-edicion_CARNEADA_stories-reels-166x300.jpeg 166w, https:\/\/carneada.com\/wp-content\/uploads\/2026\/01\/carneada-10-edicion_CARNEADA_stories-reels-768x1390.jpeg 768w, https:\/\/carneada.com\/wp-content\/uploads\/2026\/01\/carneada-10-edicion_CARNEADA_stories-reels-849x1536.jpeg 849w, https:\/\/carneada.com\/wp-content\/uploads\/2026\/01\/carneada-10-edicion_CARNEADA_stories-reels-600x1086.jpeg 600w, https:\/\/carneada.com\/wp-content\/uploads\/2026\/01\/carneada-10-edicion_CARNEADA_stories-reels.jpeg 884w\" sizes=\"(max-width: 566px) 100vw, 566px\" \/>\t\t\t\t\t\t\t\t<\/a>\n\t\t\t\t\t\t\t\t\t\t\t\t\t\t\t<\/div>\n\t\t\t\t<\/div>\n\t\t\t\t\t<\/div>\n\t\t<\/div>\n\t\t\t\t\t<\/div>\n\t\t<\/section>\n\t\t\t\t<\/div>\n\t\t","protected":false},"excerpt":{"rendered":"<p>Days Hours Minutes Seconds LUGAR DEL EVENTO El evento lo desarrollaremos en el establecimiento San Ram\u00f3n, una estancia con una antig\u00fcedad de m\u00e1s de 100 a\u00f1os, \u00a0ubicada en Capit\u00e1n Sarmiento provincia de Buenos Aires. En el lugar se puede ver la impronta de la vida de campo, donde las tradiciones se mantienen intactas y el [&hellip;]<\/p>\n","protected":false},"author":1,"featured_media":0,"parent":0,"menu_order":0,"comment_status":"closed","ping_status":"closed","template":"","meta":{"_joinchat":[],"footnotes":""},"class_list":["post-109","page","type-page","status-publish","hentry"],"_links":{"self":[{"href":"https:\/\/carneada.com\/index.php\/wp-json\/wp\/v2\/pages\/109","targetHints":{"allow":["GET"]}}],"collection":[{"href":"https:\/\/carneada.com\/index.php\/wp-json\/wp\/v2\/pages"}],"about":[{"href":"https:\/\/carneada.com\/index.php\/wp-json\/wp\/v2\/types\/page"}],"author":[{"embeddable":true,"href":"https:\/\/carneada.com\/index.php\/wp-json\/wp\/v2\/users\/1"}],"replies":[{"embeddable":true,"href":"https:\/\/carneada.com\/index.php\/wp-json\/wp\/v2\/comments?post=109"}],"version-history":[{"count":247,"href":"https:\/\/carneada.com\/index.php\/wp-json\/wp\/v2\/pages\/109\/revisions"}],"predecessor-version":[{"id":5426,"href":"https:\/\/carneada.com\/index.php\/wp-json\/wp\/v2\/pages\/109\/revisions\/5426"}],"wp:attachment":[{"href":"https:\/\/carneada.com\/index.php\/wp-json\/wp\/v2\/media?parent=109"}],"curies":[{"name":"wp","href":"https:\/\/api.w.org\/{rel}","templated":true}]}}